{"id":255,"date":"2021-03-03T15:29:29","date_gmt":"2021-03-03T15:29:29","guid":{"rendered":"https:\/\/kita-sonnenblume-hamburg.de\/?page_id=255"},"modified":"2025-06-18T21:37:54","modified_gmt":"2025-06-18T21:37:54","slug":"datenschutzerklaerung","status":"publish","type":"page","link":"https:\/\/kita-sonnenblume-hamburg.de\/?page_id=255","title":{"rendered":"Datenschutzerkl\u00e4rung"},"content":{"rendered":"\n<p>Wir freuen uns \u00fcber Ihren Besuch auf unserer Webseite. Nachfolgend m\u00f6chten wir Sie \u00fcber den Umgang mit Ihren Daten gem. \u00a7 15 des Gesetzes \u00fcber den Kirchlichen Datenschutz (KDG) informieren.<\/p>\n\n\n\n<h2 class=\"wp-block-heading\"><strong>Verantwortlicher<\/strong><strong><\/strong><\/h2>\n\n\n\n<p>Verantwortlich f\u00fcr die nachfolgend dargestellten Datenverarbeitungen ist die im Impressum genannte Stelle.<\/p>\n\n\n\n<h2 class=\"wp-block-heading\"><strong>Nutzungsdaten<\/strong><strong><\/strong><\/h2>\n\n\n\n<p>Wenn Sie unsere Webseiten besuchen, werden auf unserem Webserver tempor\u00e4r sogenannte Nutzungsdaten zu statistischen Zwecken als Protokoll ausgewertet, um die Qualit\u00e4t unserer Webseiten zu verbessern. Dieser Datensatz besteht aus<\/p>\n\n\n\n<ul class=\"wp-block-list\">\n<li>dem Namen und der Adresse der angeforderten Inhalte,<\/li>\n\n\n\n<li>dem Datum und der Uhrzeit der Abfrage,<\/li>\n\n\n\n<li>der \u00fcbertragenen Datenmenge,<\/li>\n\n\n\n<li>dem Zugriffsstatus (Inhalt \u00fcbertragen, Inhalt nicht gefunden),<\/li>\n\n\n\n<li>der Beschreibung des verwendeten Webbrowsers und des Betriebssystems,<\/li>\n\n\n\n<li>dem Referral-Link, der angibt, von welcher Seite Sie auf unsere gelangt sind,<\/li>\n\n\n\n<li>der IP-Adresse des anfragenden Rechners, die so verk\u00fcrzt wird, dass ein Personenbezug nicht mehr herstellbar ist.<\/li>\n<\/ul>\n\n\n\n<p>Die genannten Protokolldaten werden nur anonymisiert ausgewertet.<\/p>\n\n\n\n<p>Rechtsgrundlage der Verarbeitung der Nutzungsdaten ist&nbsp;\u00a7 6 Abs. 1 lit. g KDG. Die Verarbeitung erfolgt in dem berechtigten Interesse, die Inhalte der Webseite&nbsp;bereitzustellen und eine Ger\u00e4te- sowie Browseroptimierte Darstellung&nbsp;sicherzustellen.<\/p>\n\n\n\n<h2 class=\"wp-block-heading\"><strong>Datensicherheit<\/strong><strong><\/strong><\/h2>\n\n\n\n<p>Um Ihre Daten vor unerw\u00fcnschten Zugriffen m\u00f6glichst umfassend zu sch\u00fctzen, treffen wir technische und organisatorische Ma\u00dfnahmen. Wir setzen auf unseren Webseiten ein Verschl\u00fcsselungsverfahren ein. Ihre Angaben werden von Ihrem Rechner zu unserem Server und umgekehrt \u00fcber das Internet mittels einer TLS-Verschl\u00fcsselung \u00fcbertragen. Sie erkennen dies in der Regel daran, dass in der Statusleiste Ihres Browsers das Schloss-Symbol geschlossen ist und die Adresszeile mit https:\/\/ beginnt.<\/p>\n\n\n\n<h2 class=\"wp-block-heading\"><a><strong>Erforderliche Cookies<\/strong><\/a><\/h2>\n\n\n\n<p>Auf unseren Webseiten setzen wir Cookies ein, die zur Nutzung unserer Webseiten erforderlich sind.<\/p>\n\n\n\n<p>Cookies sind kleine Textdateien, die auf Ihrem Endger\u00e4t gespeichert und ausgelesen werden k\u00f6nnen. Man unterscheidet zwischen Session-Cookies, die wieder gel\u00f6scht werden, sobald Sie ihren Browser schlie\u00dfen und permanenten Cookies, die \u00fcber die einzelne Sitzung hinaus gespeichert werden.<\/p>\n\n\n\n<p>Wir nutzen diese erforderlichen Cookies nicht f\u00fcr Analyse-, Tracking- oder Werbezwecke.<\/p>\n\n\n\n<p>Teilweise enthalten diese Cookies lediglich Informationen zu bestimmten Einstellungen und sind nicht personenbeziehbar. Sie k\u00f6nnen auch notwendig sein, um die Benutzerf\u00fchrung, Sicherheit und Umsetzung der Seite zu erm\u00f6glichen.<\/p>\n\n\n\n<p>Wir nutzen diese Cookies auf Grundlage unseres berechtigten Interesses nach \u00a7 6 Abs. 1 lit. g KDG.<\/p>\n\n\n\n<p>Sie k\u00f6nnen Ihren Browser so einstellen, dass er Sie \u00fcber die Platzierung von Cookies informiert. &nbsp;Zudem k\u00f6nnen Sie diese jederzeit \u00fcber die entsprechende Browsereinstellung l\u00f6schen und das Setzen neuer Cookies verhindern. Bitte beachten Sie, dass unsere Webseiten dann gegebenenfalls nicht vollst\u00e4ndig angezeigt werden k\u00f6nnen und einige Funktionen technisch nicht mehr zur Verf\u00fcgung stehen.<\/p>\n\n\n\n<figure class=\"wp-block-table\"><table class=\"has-fixed-layout\"><tbody><tr><td><strong>Anbieter<\/strong><strong><\/strong><\/td><td><strong>Zweck<\/strong><strong><\/strong><\/td><td><strong>Speicherdauer<\/strong><strong><\/strong><\/td><td><strong>Angemessenes<\/strong><br><strong>Datenschutzniveau<\/strong><strong><\/strong><\/td><\/tr><tr><td>\u200b &nbsp;<\/td><td>\u200b<\/td><td>\u200b<\/td><td>\u200b<\/td><\/tr><\/tbody><\/table><\/figure>\n\n\n\n<h2 class=\"wp-block-heading\"><strong>Kontaktformular&nbsp;<\/strong><strong><\/strong><\/h2>\n\n\n\n<p>Sie haben die M\u00f6glichkeit, sich mit uns \u00fcber unser Kontaktformular in Verbindung zu setzen. Zur Nutzung unseres Kontaktformulars ben\u00f6tigen wir von Ihnen zun\u00e4chst die als Pflichtfelder markierten Daten.<\/p>\n\n\n\n<p>Diese Daten verwenden wir auf Grundlage von \u00a7 6 Abs. 1 lit. g KDG, um Ihre Anfrage zu beantworten.<\/p>\n\n\n\n<p>Dar\u00fcber hinaus k\u00f6nnen Sie selbst entscheiden, ob Sie uns weitere Angaben mitteilen m\u00f6chten. Diese Angaben erfolgen freiwillig und sind f\u00fcr die Kontaktaufnahme nicht zwingend erforderlich. Ihre freiwilligen Angaben verarbeiten wir auf Grundlage Ihrer Einwilligung.<\/p>\n\n\n\n<p>Ihre Daten werden nur zur Beantwortung Ihrer Anfrage verarbeitet. Wir l\u00f6schen Ihre Daten, sofern diese nicht mehr erforderlich sind und keine gesetzlichen Aufbewahrungspflichten entgegenstehen.\u00a0<\/p>\n\n\n\n<p>Soweit Ihre, per Kontaktformular \u00fcbermittelten Daten, auf Grundlage von \u00a7 6 Abs. 1 lit. g KDG verarbeitet werden, k\u00f6nnen Sie der Verarbeitung jederzeit widersprechen. Zudem k\u00f6nnen Sie Ihre Einwilligung in die Verarbeitung der freiwilligen Angaben jederzeit widerrufen. Wenden Sie sich hierf\u00fcr bitte an die im Impressum genannte E-Mail-Adresse.<\/p>\n\n\n\n<h2 class=\"wp-block-heading\"><strong>Kartendienste<\/strong><strong><\/strong><\/h2>\n\n\n\n<p>Auf unseren Webseiten betten wir Kartendienste ein, die nicht auf unseren Servern gespeichert sind. Aus Gr\u00fcnden des Datenschutzes werden jedoch &#8211; wenn Sie unsere Webseiten aufrufen \u2013 noch keine Inhalte des Drittanbieters nachgeladen und der Drittanbieter erh\u00e4lt keine Informationen.<\/p>\n\n\n\n<p>Erst wenn Sie Ihre Einwilligung erteilen, werden Inhalte des Drittanbieters nachgeladen. Hierdurch erh\u00e4lt der Drittanbieter die Information, dass Sie unsere Seite aufgerufen haben sowie die in diesem Rahmen technisch erforderlichen Nutzungsdaten. Wir haben auf die weitere Datenverarbeitung durch den Drittanbieter keinen Einfluss. Ihre Einwilligung umfasst, dass Inhalte des Drittanbieters nachgeladen werden.<\/p>\n\n\n\n<p>Die Einbettung erfolgt auf Grundlage Ihrer Einwilligung, sofern Sie Ihre Einwilligung abgegeben haben.<\/p>\n\n\n\n<p>Bitte beachten Sie, dass die Einbettung mancher Kartendienste dazu f\u00fchrt, dass Ihre Daten au\u00dferhalb der EU bzw. des EWR (insbesondere in den USA) verarbeitet werden. Sofern die Daten in diesem Rahmen au\u00dferhalb der EU bzw. des EWR (insbesondere in den USA) verarbeitet werden, machen wir in der nachfolgenden Tabelle Angaben zum Datenschutzniveau.<\/p>\n\n\n\n<figure class=\"wp-block-table\"><table class=\"has-fixed-layout\"><tbody><tr><td><strong>Anbieter<\/strong><strong><\/strong><\/td><td><strong>Maximale Speicherdauer<\/strong><strong><\/strong><\/td><td><strong>Angemessenes Datenschutzniveau<\/strong><strong><\/strong><\/td><td><strong>Widerruf der Einwilligung<\/strong><strong><\/strong><\/td><\/tr><tr><td>Google<\/td><td>&nbsp;<\/td><td>F\u00fcr \u00dcbermittlungen in die USA ist ein angemessenes Datenschutzniveau aufgrund der Zertifizierung des Anbieters unter dem Angemessenheitsbeschluss (EU-U.S. Data Privacy Framework) gew\u00e4hrleistet.\u200b<\/td><td>Wenn Sie Ihre Einwilligung widerrufen wollen, klicken Sie bitte&nbsp;<a><u>hier<\/u><\/a><a href=\"#_msocom_4\">[FS4]<\/a>&nbsp;&nbsp;und treffen die entsprechende Einstellung \u00fcber unser Banner.\u200b<\/td><\/tr><\/tbody><\/table><\/figure>\n\n\n\n<p>\u200b<\/p>\n\n\n\n<h2 class=\"wp-block-heading\"><strong>Speicherdauer<\/strong><strong><\/strong><\/h2>\n\n\n\n<p>Sofern wir nicht im Einzelnen bereits \u00fcber die Speicherdauer informiert haben, l\u00f6schen wir personenbezogene Daten, wenn sie f\u00fcr die vorgenannten Verarbeitungszwecke nicht mehr erforderlich sind und keine berechtigten Interessen oder andere (gesetzliche) Aufbewahrungsgr\u00fcnde einer L\u00f6schung entgegenstehen.<\/p>\n\n\n\n<h2 class=\"wp-block-heading\"><a><strong>Weitere Auftragsverarbeiter<\/strong><\/a><\/h2>\n\n\n\n<p>Wir geben Ihre Daten im Rahmen einer Auftragsverarbeitung gem. \u00a7 29 KDG an Dienstleister weiter, die uns beim Betrieb unserer Webseiten und der damit zusammenh\u00e4ngenden Prozesse unterst\u00fctzen. Das sind z.B. Hosting-Dienstleister. Unsere Dienstleister sind uns gegen\u00fcber streng weisungsgebunden und entsprechend vertraglich verpflichtet.<\/p>\n\n\n\n<p>Nachfolgend nennen wir Ihnen die Auftragsverarbeiter, mit denen wir zusammenarbeiten, sofern wir dies im vorstehenden Text der Datenschutzerkl\u00e4rung noch nicht getan haben. Sofern in diesem Rahmen Daten au\u00dferhalb der EU bzw. des EWR verarbeitet werden k\u00f6nnen, informieren wir Sie hier\u00fcber in der nachfolgenden Tabelle.<\/p>\n\n\n\n<figure class=\"wp-block-table\"><table class=\"has-fixed-layout\"><tbody><tr><td><strong>Auftragsverarbeiter<\/strong><strong><\/strong><\/td><td><strong>Zweck<\/strong><strong><\/strong><\/td><td><strong>Angemessenes Datenschutzniveau<\/strong><strong><\/strong><\/td><\/tr><tr><td>Strato<\/td><td>Webhosting<\/td><td>Verarbeitung nur innerhalb EU\/EWR<\/td><\/tr><\/tbody><\/table><\/figure>\n\n\n\n<p><\/p>\n\n\n\n<h2 class=\"wp-block-heading\"><strong>Ihre Rechte als betroffene Person<\/strong><strong><\/strong><\/h2>\n\n\n\n<p>Bei der Verarbeitung Ihrer personenbezogenen Daten gew\u00e4hrt das KDG Ihnen als betroffene Person bestimmte Rechte:<\/p>\n\n\n\n<p><em>Auskunftsrecht (\u00a7 17 KDG)<\/em><\/p>\n\n\n\n<p>Sie haben das Recht eine Best\u00e4tigung dar\u00fcber zu verlangen, ob Sie betreffende personenbezogene Daten verarbeitet werden; ist dies der Fall, so haben Sie ein Recht auf Auskunft \u00fcber diese personenbezogenen Daten und auf die in \u00a7 17 KDG im Einzelnen aufgef\u00fchrten Informationen.<\/p>\n\n\n\n<p><em>Recht auf Berichtigung (\u00a7 18 KDG)<\/em><\/p>\n\n\n\n<p>Sie haben das Recht, unverz\u00fcglich die Berichtigung Sie betreffender unrichtiger personenbezogener Daten und ggf. die Vervollst\u00e4ndigung unvollst\u00e4ndiger Daten zu verlangen.<\/p>\n\n\n\n<p><em>Recht auf L\u00f6schung (\u00a7 19 KDG)<\/em><\/p>\n\n\n\n<p>Sie haben das Recht, zu verlangen, dass Sie betreffende personenbezogene Daten unverz\u00fcglich gel\u00f6scht werden, sofern einer der in \u00a7 20 KDG im Einzelnen aufgef\u00fchrten Gr\u00fcnde zutrifft.<\/p>\n\n\n\n<p><em>Recht auf Einschr\u00e4nkung der Verarbeitung (\u00a7 20 KDG)<\/em><\/p>\n\n\n\n<p>Sie haben das Recht, die Einschr\u00e4nkung der Verarbeitung zu verlangen, wenn eine der in \u00a7 20 KDG aufgef\u00fchrten Voraussetzungen gegeben ist, z. B. wenn Sie Widerspruch gegen die Verarbeitung eingelegt haben, f\u00fcr die Dauer der Pr\u00fcfung durch den Verantwortlichen.<\/p>\n\n\n\n<p><em>Recht auf Daten\u00fcbertragbarkeit (\u00a7 22 KDG)<\/em><\/p>\n\n\n\n<p>In bestimmten F\u00e4llen, die in \u00a7 22 KDG im Einzelnen aufgef\u00fchrt sind, haben Sie das Recht, die Sie betreffenden personenbezogenen Daten in einem strukturierten, g\u00e4ngigen und maschinenlesbaren Format zu erhalten bzw. die \u00dcbermittlung dieser Daten an einen Dritten zu verlangen.<\/p>\n\n\n\n<p><em>Widerrufsrecht (\u00a7 8 KDG)<\/em><\/p>\n\n\n\n<p>Sofern die Verarbeitung von Daten auf Grundlage Ihrer Einwilligung erfolgt, sind Sie nach \u00a7 8 Abs. 6 KDG berechtigt, die Einwilligung in die Verwendung Ihrer personenbezogenen Daten jederzeit zu widerrufen. Bitte beachten Sie, dass der Widerruf erst f\u00fcr die Zukunft wirkt. Verarbeitungen, die vor dem Widerruf erfolgt sind, sind davon nicht betroffen.<\/p>\n\n\n\n<p><em>Widerspruchsrecht (\u00a7 23 KDG)<\/em><\/p>\n\n\n\n<p>Werden Daten auf Grundlage von \u00a7 6 Abs. 1 lit. f KDG (Datenverarbeitung zur Wahrnehmung einer Aufgabe, die im kirchlichen Interesse liegt oder in Aus\u00fcbung \u00f6ffentlicher Gewalt) oder auf Grundlage von \u00a7 6 Abs. 1 lit. g KDG (Datenverarbeitung zur Wahrung der berechtigten Interessen des Verantwortlichen oder eines Dritten) erhoben, steht Ihnen das Recht zu, aus Gr\u00fcnden, die sich aus Ihrer besonderen Situation ergeben, jederzeit gegen die Verarbeitung Widerspruch einzulegen. Wir verarbeiten die personenbezogenen Daten dann nicht mehr, es sei denn, es liegen nachweisbar zwingende schutzw\u00fcrdige Gr\u00fcnde f\u00fcr die Verarbeitung vor, die gegen\u00fcber Ihren Interessen, Rechten und Freiheiten \u00fcberwiegen, oder die Verarbeitung dient der Geltendmachung, Aus\u00fcbung oder Verteidigung von Rechtsanspr\u00fcchen.<\/p>\n\n\n\n<p><em>Beschwerderecht bei der Datenschutzaufsicht (\u00a7 48 KDG)<\/em><\/p>\n\n\n\n<p>Sie haben gem. \u00a7 48 KDG das Recht auf Beschwerde bei der Datenschutzaufsicht, wenn Sie der Ansicht sind, dass die Verarbeitung der sie betreffenden personenbezogenen Daten gegen Vorschriften des KDG oder gegen andere Datenschutzvorschriften verst\u00f6\u00dft.<\/p>\n\n\n\n<p><em>Geltendmachung Ihrer Rechte<\/em><\/p>\n\n\n\n<p>Sofern vorstehend nichts anderes beschrieben wurde, wenden Sie sich zur Geltendmachung Ihrer Betroffenenrechte bitte an die im Impressum&nbsp;genannte Stelle.<\/p>\n\n\n\n<h2 class=\"wp-block-heading\"><strong>Kontaktdaten des Datenschutzbeauftragten<\/strong><strong><\/strong><\/h2>\n\n\n\n<p>Unser externer Datenschutzbeauftragter steht Ihnen gerne f\u00fcr Ausk\u00fcnfte zum Thema Datenschutz unter folgenden Kontaktdaten zur Verf\u00fcgung:<\/p>\n\n\n\n<p>datenschutz nord GmbH<br>Konsul-Smidt-Stra\u00dfe 88<br>28217 Bremen<br>Web: www.dsn-group.de<br>E-Mail:&nbsp;kirche@datenschutz-nord.de<\/p>\n\n\n\n<p>Wenn Sie sich an unseren Datenschutzbeauftragten wenden, geben Sie hierbei bitte auch die verantwortliche Stelle an, die im&nbsp;Impressum&nbsp;genannt wird.<\/p>\n\n\n\n<hr class=\"wp-block-separator has-alpha-channel-opacity\"\/>\n\n\n\n<p><a id=\"_msocom_1\"><\/a><\/p>\n\n\n\n<p><a id=\"_msocom_2\"><\/a><\/p>\n\n\n\n<p><a id=\"_msocom_3\"><\/a><\/p>\n\n\n\n<p><a id=\"_msocom_4\"><\/a><\/p>\n\n\n\n<p><a id=\"_msocom_5\"><\/a><\/p>\n","protected":false},"excerpt":{"rendered":"<p>Wir freuen uns \u00fcber Ihren Besuch auf unserer Webseite. Nachfolgend m\u00f6chten wir Sie \u00fcber den Umgang mit Ihren Daten gem. \u00a7 15 des Gesetzes \u00fcber den Kirchlichen Datenschutz (KDG) informieren. Verantwortlicher Verantwortlich f\u00fcr die nachfolgend dargestellten Datenverarbeitungen ist die im Impressum genannte Stelle. Nutzungsdaten Wenn Sie unsere Webseiten besuchen, werden auf unserem Webserver tempor\u00e4r sogenannte &hellip;<\/p>\n<p class=\"read-more\"> <a class=\"\" href=\"https:\/\/kita-sonnenblume-hamburg.de\/?page_id=255\"> <span class=\"screen-reader-text\">Datenschutzerkl\u00e4rung<\/span> Weiterlesen &raquo;<\/a><\/p>\n","protected":false},"author":1,"featured_media":0,"parent":0,"menu_order":0,"comment_status":"closed","ping_status":"closed","template":"","meta":{"_uag_custom_page_level_css":"","ngg_post_thumbnail":0,"footnotes":""},"class_list":["post-255","page","type-page","status-publish","hentry"],"uagb_featured_image_src":{"full":false,"thumbnail":false,"medium":false,"medium_large":false,"large":false,"1536x1536":false,"2048x2048":false},"uagb_author_info":{"display_name":"admin","author_link":"https:\/\/kita-sonnenblume-hamburg.de\/?author=1"},"uagb_comment_info":0,"uagb_excerpt":"Wir freuen uns \u00fcber Ihren Besuch auf unserer Webseite. Nachfolgend m\u00f6chten wir Sie \u00fcber den Umgang mit Ihren Daten gem. \u00a7 15 des Gesetzes \u00fcber den Kirchlichen Datenschutz (KDG) informieren. Verantwortlicher Verantwortlich f\u00fcr die nachfolgend dargestellten Datenverarbeitungen ist die im Impressum genannte Stelle. Nutzungsdaten Wenn Sie unsere Webseiten besuchen, werden auf unserem Webserver tempor\u00e4r sogenannte&hellip;","_links":{"self":[{"href":"https:\/\/kita-sonnenblume-hamburg.de\/index.php?rest_route=\/wp\/v2\/pages\/255","targetHints":{"allow":["GET"]}}],"collection":[{"href":"https:\/\/kita-sonnenblume-hamburg.de\/index.php?rest_route=\/wp\/v2\/pages"}],"about":[{"href":"https:\/\/kita-sonnenblume-hamburg.de\/index.php?rest_route=\/wp\/v2\/types\/page"}],"author":[{"embeddable":true,"href":"https:\/\/kita-sonnenblume-hamburg.de\/index.php?rest_route=\/wp\/v2\/users\/1"}],"replies":[{"embeddable":true,"href":"https:\/\/kita-sonnenblume-hamburg.de\/index.php?rest_route=%2Fwp%2Fv2%2Fcomments&post=255"}],"version-history":[{"count":3,"href":"https:\/\/kita-sonnenblume-hamburg.de\/index.php?rest_route=\/wp\/v2\/pages\/255\/revisions"}],"predecessor-version":[{"id":627,"href":"https:\/\/kita-sonnenblume-hamburg.de\/index.php?rest_route=\/wp\/v2\/pages\/255\/revisions\/627"}],"wp:attachment":[{"href":"https:\/\/kita-sonnenblume-hamburg.de\/index.php?rest_route=%2Fwp%2Fv2%2Fmedia&parent=255"}],"curies":[{"name":"wp","href":"https:\/\/api.w.org\/{rel}","templated":true}]}}